{"id":137,"date":"2024-09-25T16:39:58","date_gmt":"2024-09-25T14:39:58","guid":{"rendered":"https:\/\/www.regioneo.com\/?page_id=137"},"modified":"2024-11-06T14:15:35","modified_gmt":"2024-11-06T13:15:35","slug":"politica-de-privacidade-2","status":"publish","type":"page","link":"https:\/\/www.regioneo.com\/pt\/politica-de-privacidade-2\/","title":{"rendered":"Pol\u00edtica de privacidade"},"content":{"rendered":"<div data-elementor-type=\"wp-page\" data-elementor-id=\"137\" class=\"elementor elementor-137\" data-elementor-post-type=\"page\">\n\t\t\t\t<div class=\"elementor-element elementor-element-631f62f e-flex e-con-boxed e-con e-parent\" data-id=\"631f62f\" data-element_type=\"container\">\n\t\t\t\t\t<div class=\"e-con-inner\">\n\t\t\t\t<div class=\"elementor-element elementor-element-842c1c5 elementor-widget elementor-widget-text-editor\" data-id=\"842c1c5\" data-element_type=\"widget\" data-widget_type=\"text-editor.default\">\n\t\t\t\t<div class=\"elementor-widget-container\">\n\t\t\t\t\t\t\t\t\t<h1>Condi\u00e7\u00f5es gerais de utiliza\u00e7\u00e3o e recolha de dados<\/h1><p>O objetivo desta pol\u00edtica de privacidade \u00e9 explicar aos utilizadores da solu\u00e7\u00e3o Regioneo (\u00abdoravante Regioneo\u00bb), de acordo com a legisla\u00e7\u00e3o em vigor, os esfor\u00e7os desenvolvidos para proteger os dados pessoais dos utilizadores e garantir a confidencialidade desses dados, bem como dos dados para os quais actuamos como subcontratante. O objetivo desta p\u00e1gina \u00e9 fornecer informa\u00e7\u00f5es sobre os dados recolhidos pela Regioneo, as finalidades para as quais s\u00e3o utilizados e os direitos dos utilizadores.<\/p><p><br \/><strong>1 - Dados recolhidos e objectivos<\/strong><br \/>A finalidade dos dados recolhidos \u00e9 permitir aos utilizadores registarem-se e ligarem-se \u00e0 Regioneo de forma segura e utilizarem as suas funcionalidades. Podem tamb\u00e9m ser utilizados pelas nossas equipas para enviar e-mails informativos sobre novas funcionalidades ou ac\u00e7\u00f5es a tomar para assegurar a continuidade das funcionalidades oferecidas pela aplica\u00e7\u00e3o (grandes actualiza\u00e7\u00f5es, por exemplo) ou para melhorar a experi\u00eancia do utilizador. Neste contexto, recolhemos e somos diretamente respons\u00e1veis pelo tratamento dos seguintes dados dos nossos utilizadores: apelido, nome pr\u00f3prio, endere\u00e7o, endere\u00e7o eletr\u00f3nico, n\u00famero de telefone, produtos e servi\u00e7os introduzidos pelo utilizador, vendas de im\u00f3veis geridos atrav\u00e9s da aplica\u00e7\u00e3o, dados estat\u00edsticos sobre os im\u00f3veis geridos atrav\u00e9s da aplica\u00e7\u00e3o.<br \/>Al\u00e9m disso, como parte da funcionalidade da Regioneo, e a fim de assegurar a correta<br \/>Para a execu\u00e7\u00e3o do contrato entre o utilizador e os seus utilizadores finais, podemos recolher os seguintes dados em nome dos utilizadores finais na qualidade de subcontratante: apelido, nome pr\u00f3prio, endere\u00e7o, endere\u00e7o de correio eletr\u00f3nico, n\u00famero de telefone, dados relativos \u00e0s encomendas efectuadas, mensagens enviadas, dados relativos ao n\u00famero de encomendas.<\/p><p><br \/><strong>2 - Meios de recolha dos seus dados<\/strong><br \/>Os dados dos utilizadores s\u00e3o recolhidos quer no momento da sua primeira inscri\u00e7\u00e3o na Regioneo atrav\u00e9s do formul\u00e1rio dedicado, quer durante as suas trocas de impress\u00f5es com as nossas equipas. A recolha de dados relativos ao bom funcionamento dos contratos dos nossos utilizadores com os seus utilizadores finais, e para os quais actuamos como subcontratante, \u00e9 efectuada no momento da conclus\u00e3o do referido contrato entre o utilizador e os seus utilizadores finais e \u00e9 considerada como consentida por todas as partes no \u00e2mbito das condi\u00e7\u00f5es gerais de venda fornecidas aos seus utilizadores finais pelo utilizador. Nenhum outro dado \u00e9 recolhido pela aplica\u00e7\u00e3o ou pelas nossas equipas sem o consentimento expl\u00edcito das pessoas em causa, e s\u00f3 ser\u00e1 utilizado para os fins leg\u00edtimos definidos com elas.<\/p><p><br \/><strong>3 - Prazo de conserva\u00e7\u00e3o e direitos dos utilizadores<\/strong><br \/>Para garantir o bom funcionamento da Regioneo e permitir aos utilizadores<br \/>iniciarem sess\u00e3o na sua conta, mantemos os dados dos utilizadores durante o tempo em que estiverem iniciados.<br \/>dura\u00e7\u00e3o da utiliza\u00e7\u00e3o da aplica\u00e7\u00e3o. Os nossos colaboradores e subcontratantes s\u00f3 podem ter acesso aos dados dos utilizadores na medida do necess\u00e1rio para assegurar o cumprimento dos objectivos prosseguidos e definidos no ponto 1. Os utilizadores t\u00eam o direito de verificar, aceder, retificar, apagar, transferir e opor-se \u00e0 utiliza\u00e7\u00e3o dos seus dados a qualquer momento, contactando-nos atrav\u00e9s do endere\u00e7o pierre.tubiana@bm-services.com. Faremos ent\u00e3o tudo o que estiver ao nosso alcance para satisfazer o pedido.<\/p><p><br \/><strong>4 - Bolachas<\/strong><br \/>Tamb\u00e9m recolhemos cookies para garantir a seguran\u00e7a e a continuidade dos nossos servi\u00e7os, incluindo a data e a hora em que o utilizador inicia sess\u00e3o e o endere\u00e7o IP do meio utilizado para aceder \u00e0 aplica\u00e7\u00e3o (se a aplica\u00e7\u00e3o for utilizada).<\/p><p><br \/><strong>5 - Obriga\u00e7\u00f5es e seguran\u00e7a<\/strong><br \/>As equipas que trabalham para a Regioneo comprometem-se a n\u00e3o transmitir os dados<br \/>recolhidos diretamente, enquanto respons\u00e1vel pelo tratamento de dados, ou indiretamente, enquanto subcontratante, a terceiros sem que o utilizador seja informado e respeite as finalidades para as quais esses dados foram recolhidos. A aplica\u00e7\u00e3o disp\u00f5e de um certificado SSL que garante a seguran\u00e7a da transfer\u00eancia de informa\u00e7\u00f5es e de dados atrav\u00e9s da aplica\u00e7\u00e3o.<br \/>Al\u00e9m disso, o respons\u00e1vel pelo tratamento de dados compromete-se a notificar o utilizador em caso de retifica\u00e7\u00e3o ou supress\u00e3o de dados, a menos que tal implique formalidades, custos ou dilig\u00eancias desproporcionados para o respons\u00e1vel pelo tratamento de dados. No caso de a integridade, a confidencialidade ou a seguran\u00e7a dos utilizadores ficar comprometida, o respons\u00e1vel pelo tratamento de dados compromete-se a informar o utilizador por todos os meios necess\u00e1rios.<\/p><p><br \/><strong>6 - Alojamento de dados<\/strong><br \/>Os dados de alojamento recolhidos s\u00e3o alojados pela DigitalOcean LLC,<br \/>com domic\u00edlio em 01 Avenue of the Americas, 10th Floor New York, NY 10013. Os servidores<br \/>est\u00e3o localizados na Uni\u00e3o Europeia, na Alemanha (Frankfurt).<\/p><p><br \/><strong>7 - Partilha de dados<\/strong><br \/>A Regioneo n\u00e3o partilha os dados recolhidos a n\u00e3o ser para garantir o bom funcionamento da solu\u00e7\u00e3o. Os dados, tais como o endere\u00e7o IP e o tipo de dispositivo utilizado pelos nossos utilizadores, s\u00e3o recolhidos e partilhados de forma encriptada e an\u00f3nima com o nosso software de comunica\u00e7\u00e3o de erros (Sentry).<\/p><p><br \/><strong>8 - Pol\u00edtica em mat\u00e9ria de dados relativos a menores<\/strong><br \/>A aplica\u00e7\u00e3o Regioneo n\u00e3o se destina a menores e n\u00e3o recolhe quaisquer dados pessoais.<br \/>dados pessoais, com exce\u00e7\u00e3o dos que s\u00e3o fornecidos voluntariamente pelos utilizadores finais dos nossos utilizadores. Se um menor tiver fornecido dados sem o seu consentimento,<br \/>contacte-nos atrav\u00e9s do seguinte endere\u00e7o para que possamos remov\u00ea-los o mais rapidamente poss\u00edvel: pierre.tubiana@bm-services.com<\/p><p><br \/><strong>9 - Aceita\u00e7\u00e3o e modifica\u00e7\u00e3o da presente pol\u00edtica de privacidade<\/strong><br \/>Ao utilizar a Regioneo, o utilizador certifica que leu e compreendeu esta pol\u00edtica de privacidade.<br \/>pol\u00edtica de confidencialidade e aceita os seus termos. Esta pol\u00edtica de privacidade est\u00e1 sujeita a altera\u00e7\u00f5es para garantir a sua conformidade com a legisla\u00e7\u00e3o em vigor, pelo que os utilizadores s\u00e3o convidados a consult\u00e1-la regularmente.<\/p><p><br \/><strong>10 - Direito de contactar a autoridade de controlo competente<\/strong><br \/>Em caso de lit\u00edgio sobre o tratamento de dados, encorajamos os nossos utilizadores a contactar-nos atrav\u00e9s de<br \/>contactar as nossas equipas para encontrar uma solu\u00e7\u00e3o satisfat\u00f3ria. O utilizador tem o direito de contactar a CNIL (Commission Nationale de l'Informatique et des Libert\u00e9s),<br \/>https:\/\/www.cnil.fr) ou qualquer juiz competente.<\/p>\t\t\t\t\t\t\t\t<\/div>\n\t\t\t\t<\/div>\n\t\t\t\t\t<\/div>\n\t\t\t\t<\/div>\n\t\t\t\t<\/div>","protected":false},"excerpt":{"rendered":"<p>Conditions g\u00e9n\u00e9rales d\u2019utilisation et collecte des donn\u00e9es La pr\u00e9sente politique de confidentialit\u00e9 a pour objet d&rsquo;expliquer aux utilisateurs de la solution Regioneo (\u00ab ci-apr\u00e8s Regioneo \u00bb), conform\u00e9ment \u00e0 la l\u00e9gislation en vigueur, les efforts d\u00e9ploy\u00e9s pour prot\u00e9ger les donn\u00e9es personnelles des utilisateurs et garantir la confidentialit\u00e9 de celles-ci ainsi que des donn\u00e9es pour lesquelles nous [&hellip;]<\/p>","protected":false},"author":1,"featured_media":0,"parent":0,"menu_order":0,"comment_status":"closed","ping_status":"closed","template":"","meta":{"_seopress_robots_primary_cat":"","_seopress_titles_title":"Politique de confidentialit\u00e9 - Regioneo","_seopress_titles_desc":"Politique de confidentialit\u00e9 de Regioneo","_seopress_robots_index":"","footnotes":""},"class_list":["post-137","page","type-page","status-publish","hentry"],"_links":{"self":[{"href":"https:\/\/www.regioneo.com\/pt\/wp-json\/wp\/v2\/pages\/137","targetHints":{"allow":["GET"]}}],"collection":[{"href":"https:\/\/www.regioneo.com\/pt\/wp-json\/wp\/v2\/pages"}],"about":[{"href":"https:\/\/www.regioneo.com\/pt\/wp-json\/wp\/v2\/types\/page"}],"author":[{"embeddable":true,"href":"https:\/\/www.regioneo.com\/pt\/wp-json\/wp\/v2\/users\/1"}],"replies":[{"embeddable":true,"href":"https:\/\/www.regioneo.com\/pt\/wp-json\/wp\/v2\/comments?post=137"}],"version-history":[{"count":10,"href":"https:\/\/www.regioneo.com\/pt\/wp-json\/wp\/v2\/pages\/137\/revisions"}],"predecessor-version":[{"id":1144,"href":"https:\/\/www.regioneo.com\/pt\/wp-json\/wp\/v2\/pages\/137\/revisions\/1144"}],"wp:attachment":[{"href":"https:\/\/www.regioneo.com\/pt\/wp-json\/wp\/v2\/media?parent=137"}],"curies":[{"name":"wp","href":"https:\/\/api.w.org\/{rel}","templated":true}]}}