{"id":929,"date":"2024-09-25T16:39:58","date_gmt":"2024-09-25T14:39:58","guid":{"rendered":"https:\/\/www.regioneo.com\/politica-de-privacidad\/"},"modified":"2024-11-12T17:09:26","modified_gmt":"2024-11-12T16:09:26","slug":"politica-de-privacidade-3","status":"publish","type":"page","link":"https:\/\/www.regioneo.com\/pt\/politica-de-privacidade-3\/","title":{"rendered":"Pol\u00edtica de Privacidad"},"content":{"rendered":"<div data-elementor-type=\"wp-page\" data-elementor-id=\"929\" class=\"elementor elementor-929\" data-elementor-post-type=\"page\">\n\t\t\t\t<div class=\"elementor-element elementor-element-631f62f e-flex e-con-boxed e-con e-parent\" data-id=\"631f62f\" data-element_type=\"container\">\n\t\t\t\t\t<div class=\"e-con-inner\">\n\t\t\t\t<div class=\"elementor-element elementor-element-842c1c5 elementor-widget elementor-widget-text-editor\" data-id=\"842c1c5\" data-element_type=\"widget\" data-widget_type=\"text-editor.default\">\n\t\t\t\t<div class=\"elementor-widget-container\">\n\t\t\t\t\t\t\t\t\t<h1>Termos de utiliza\u00e7\u00e3o e c\u00f3pia de dados<\/h1>\n<p>Esta pol\u00edtica de privacidade tem como objetivo explicar aos utilizadores da solu\u00e7\u00e3o Regioneo (\u00abem diante Regioneo\u00bb), de acordo com a legisla\u00e7\u00e3o em vigor, os esfor\u00e7os realizados para proteger os dados pessoais dos utilizadores e garantir a confidencialidade dos mesmos, bem como os dados para os quais actuamos como processadores. Esta p\u00e1gina tem como objetivo proporcionar informa\u00e7\u00e3o sobre os dados recopilados por Regioneo, os objectivos que justificam o seu tratamento e os direitos dos utilizadores. <\/p>\n<p><strong>1 - Dados Recopilados e Objectivos<\/strong><br \/>Os dados recopilados t\u00eam como objetivo permitir aos utilizadores registarem-se e iniciarem sess\u00f5es de forma segura no Regioneo e utilizarem as suas funcionalidades. Tamb\u00e9m podem ser utilizados pelos nossos equipamentos para enviar correios electr\u00f3nicos informativos sobre novas fun\u00e7\u00f5es ou ac\u00e7\u00f5es que devem ser realizadas para assegurar a continuidade das funcionalidades oferecidas pela aplica\u00e7\u00e3o (como actualiza\u00e7\u00f5es importantes) ou para melhorar a experi\u00eancia do utilizador. Neste contexto, recopilamos e somos diretamente respons\u00e1veis pelo tratamento dos seguintes dados dos nossos utilizadores: nome, apelidos, morada, correio eletr\u00f3nico, n\u00famero de telefone, produtos e servi\u00e7os recebidos pelo utilizador, fatura\u00e7\u00e3o de bens geridos atrav\u00e9s da aplica\u00e7\u00e3o, dados estat\u00edsticos de bens geridos atrav\u00e9s da aplica\u00e7\u00e3o.  <br \/>Adem\u00e1s, en el marco de las funcionalidades de Regioneo, y para garantizar la correta ejecuci\u00f3n del contrato entre el usuario y sus usuarios finales, podemos recopilar los siguientes datos en nombre de estos \u00faltimos como procesadores: nombre, apellidos, direcci\u00f3n, correo eletr\u00f3nico, n\u00famero de tel\u00e9fono, detalles de los pedidos realizados, mensajes enviados, datos relacionados con el n\u00famero de pedidos.<\/p>\n<p><strong>2 - M\u00e9todos de recolha de dados<\/strong><br \/>Os dados dos utilizadores s\u00e3o recopilados durante o registo inicial em Regioneo atrav\u00e9s do formul\u00e1rio dedicado ou durante as suas intera\u00e7\u00f5es com os nossos equipamentos. A recopila\u00e7\u00e3o de dados relacionados com a correta execu\u00e7\u00e3o dos contratos entre os nossos utilizadores e os seus utilizadores finais, onde actuamos como processadores, \u00e9 realizada no momento da execu\u00e7\u00e3o do contrato entre o utilizador e os seus utilizadores finais, e \u00e9 considerada consentida por todas as partes no contexto dos termos e condi\u00e7\u00f5es fornecidos aos seus utilizadores finais pelo utilizador. Nenhum outro dado ser\u00e1 recolhido por parte da aplica\u00e7\u00e3o ou dos nossos equipamentos sem o consentimento expl\u00edcito das pessoas envolvidas, e s\u00f3 ser\u00e1 utilizado para os fins leg\u00edtimos acordados com elas.  <\/p>\n<p><strong>3 - Dura\u00e7\u00e3o da conserva\u00e7\u00e3o e direitos dos utilizadores<\/strong><br \/>Para garantir o correto funcionamento de Regioneo e permitir aos utilizadores ligarem-se \u00e0 sua conta, conservamos os dados dos utilizadores durante todo o per\u00edodo de utiliza\u00e7\u00e3o da aplica\u00e7\u00e3o. Os nossos colaboradores e subcontratantes s\u00f3 podem aceder aos dados dos utilizadores na medida do necess\u00e1rio para garantir a eje\u00e7\u00e3o dos objectivos estabelecidos e definidos no ponto 1. Os utilizadores t\u00eam, a todo o momento, o direito de verificar, aceder, retificar, eliminar, transferir e opor-se \u00e0 utiliza\u00e7\u00e3o dos seus dados contactando-nos para pierre.tubiana@bm-services.com. Faremos todos os poss\u00edveis para satisfazer o seu pedido.   <\/p>\n<p><strong>4 - Bolachas<\/strong><br \/>Tamb\u00e9m recolhemos cookies para garantir a seguran\u00e7a e a continuidade dos nossos servi\u00e7os. Isto inclui: a data e a hora da liga\u00e7\u00e3o de um utilizador, o endere\u00e7o IP do dispositivo utilizado para aceder \u00e0 aplica\u00e7\u00e3o (se utilizar a aplica\u00e7\u00e3o).<\/p>\n<p><strong>5 - Obriga\u00e7\u00f5es e garantias<\/strong><br \/>Os equipamentos que trabalham para a Regioneo comprometem-se a n\u00e3o transmitir os dados recopilados diretamente como respons\u00e1veis de dados ou indiretamente como processadores a terceiros sem informar o utilizador e a respeitar os fins para os quais se recopilam esses dados. A aplica\u00e7\u00e3o possui um certificado SSL que garante a seguran\u00e7a da transfer\u00eancia de informa\u00e7\u00f5es e dados atrav\u00e9s da aplica\u00e7\u00e3o. <br \/>Al\u00e9m disso, o respons\u00e1vel pelo tratamento compromete-se a notificar o utilizador em caso de retifica\u00e7\u00e3o ou elimina\u00e7\u00e3o dos dados, a menos que isso implique formalidades, custos ou custos desproporcionados. No caso de a integridade, confidencialidade ou seguran\u00e7a dos dados dos utilizadores ficar comprometida, o respons\u00e1vel pelo tratamento compromete-se a informar o utilizador por qualquer meio dispon\u00edvel. <\/p>\n<p><strong>6 - Alojamento de dados<\/strong><br \/>Os dados recopilados s\u00e3o alojados pela DigitalOcean LLC, com domic\u00edlio em 01 Avenue of the Americas, 10th Floor, Nueva York, NY 10013. Os servidores utilizados est\u00e3o localizados dentro da Uni\u00e3o Europeia, na Alemanha (Fr\u00e1ncfort). <\/p>\n<p><strong>7 - Compartilhamento de dados<\/strong><br \/>A Regioneo n\u00e3o compara os dados recopilados exceto para garantir o correto funcionamento da solu\u00e7\u00e3o. Dados como o endere\u00e7o IP e o tipo de dispositivos utilizados pelos nossos utilizadores s\u00e3o copiados e comparados de forma an\u00f3nima com o nosso software de comunica\u00e7\u00e3o de erros (Sentry). <\/p>\n<p><strong>8 - Pol\u00edtica sobre Dados Relativos a Menores<\/strong><br \/>A aplica\u00e7\u00e3o Regioneo n\u00e3o se destina a crian\u00e7as e n\u00e3o copia dados pessoais, exceto os dados fornecidos voluntariamente pelos utilizadores finais dos nossos utilizadores. Se um membro tiver fornecido dados pessoais sem o seu consentimento, por favor contacte-nos atrav\u00e9s do seguinte endere\u00e7o eletr\u00f3nico para que possamos elimin\u00e1-los o mais rapidamente poss\u00edvel: pierre.tubiana@bm-services.com <\/p>\n<p><strong>9 - Aceita\u00e7\u00e3o e altera\u00e7\u00e3o da presente Pol\u00edtica de Privacidade<\/strong><br \/>Ao utilizar Regioneo, o utilizador certifica que leu e compreendeu esta pol\u00edtica de privacidade e aceita os seus termos. Esta pol\u00edtica de privacidade pode evoluir para garantir o cumprimento da legisla\u00e7\u00e3o em vigor, pelo que convidamos o utilizador a consult\u00e1-la regularmente. <\/p>\n<p><strong>10 - Direito a Contactar a Autoridade de Controlo Competente<\/strong><br \/>Em caso de lit\u00edgio sobre o tratamento de dados, recomendamos aos nossos utilizadores que entrem em contacto com a nossa equipa para encontrar uma solu\u00e7\u00e3o satisfat\u00f3ria. O utilizador tem o direito de contactar a CNIL (Comiss\u00e3o Nacional de Inform\u00e1tica e Liberdades, https:\/\/www.cnil.fr) ou qualquer outro juiz competente. <\/p>\n\t\t\t\t\t\t\t\t<\/div>\n\t\t\t\t<\/div>\n\t\t\t\t\t<\/div>\n\t\t\t\t<\/div>\n\t\t\t\t<\/div>","protected":false},"excerpt":{"rendered":"<p>T\u00e9rminos de Uso y Recopilaci\u00f3n de Datos Esta pol\u00edtica de privacidad tiene como objetivo explicar a los usuarios de la soluci\u00f3n Regioneo (\u00ab\u00a0en adelante Regioneo\u00a0\u00bb), de acuerdo con la legislaci\u00f3n vigente, los esfuerzos realizados para proteger los datos personales de los usuarios y garantizar la confidencialidad de estos, as\u00ed como los datos para los cuales [&hellip;]<\/p>","protected":false},"author":1,"featured_media":0,"parent":0,"menu_order":0,"comment_status":"closed","ping_status":"closed","template":"","meta":{"_seopress_robots_primary_cat":"","_seopress_titles_title":"Pol\u00edtica de privacidad - Regioneo","_seopress_titles_desc":"Pol\u00edtica de privacidad - Regioneo","_seopress_robots_index":"","footnotes":""},"class_list":["post-929","page","type-page","status-publish","hentry"],"_links":{"self":[{"href":"https:\/\/www.regioneo.com\/pt\/wp-json\/wp\/v2\/pages\/929","targetHints":{"allow":["GET"]}}],"collection":[{"href":"https:\/\/www.regioneo.com\/pt\/wp-json\/wp\/v2\/pages"}],"about":[{"href":"https:\/\/www.regioneo.com\/pt\/wp-json\/wp\/v2\/types\/page"}],"author":[{"embeddable":true,"href":"https:\/\/www.regioneo.com\/pt\/wp-json\/wp\/v2\/users\/1"}],"replies":[{"embeddable":true,"href":"https:\/\/www.regioneo.com\/pt\/wp-json\/wp\/v2\/comments?post=929"}],"version-history":[{"count":3,"href":"https:\/\/www.regioneo.com\/pt\/wp-json\/wp\/v2\/pages\/929\/revisions"}],"predecessor-version":[{"id":1146,"href":"https:\/\/www.regioneo.com\/pt\/wp-json\/wp\/v2\/pages\/929\/revisions\/1146"}],"wp:attachment":[{"href":"https:\/\/www.regioneo.com\/pt\/wp-json\/wp\/v2\/media?parent=929"}],"curies":[{"name":"wp","href":"https:\/\/api.w.org\/{rel}","templated":true}]}}